{"version":"1.0","provider_name":"Sauvegarde 95","provider_url":"https:\/\/sauvegarde-95.fr\/preprod","author_name":"inciteas_admin","author_url":"https:\/\/sauvegarde-95.fr\/preprod\/author\/inciteas_admin\/","title":"La R\u00e9colte du Val-d\u2019Oise - Sauvegarde 95","type":"rich","width":600,"height":338,"html":"<blockquote class=\"wp-embedded-content\" data-secret=\"2OjBI3kgK6\"><a href=\"https:\/\/sauvegarde-95.fr\/preprod\/prevention\/chantiers-dinsertion\/la-recolte-du-val-doise\/\">La R\u00e9colte du Val-d\u2019Oise<\/a><\/blockquote><iframe sandbox=\"allow-scripts\" security=\"restricted\" src=\"https:\/\/sauvegarde-95.fr\/preprod\/prevention\/chantiers-dinsertion\/la-recolte-du-val-doise\/embed\/#?secret=2OjBI3kgK6\" width=\"600\" height=\"338\" title=\"\u00ab\u00a0La R\u00e9colte du Val-d\u2019Oise\u00a0\u00bb &#8212; Sauvegarde 95\" data-secret=\"2OjBI3kgK6\" frameborder=\"0\" marginwidth=\"0\" marginheight=\"0\" scrolling=\"no\" class=\"wp-embedded-content\"><\/iframe><script type=\"text\/javascript\">\n\/* <![CDATA[ *\/\n\/*! This file is auto-generated *\/\n!function(d,l){\"use strict\";l.querySelector&&d.addEventListener&&\"undefined\"!=typeof URL&&(d.wp=d.wp||{},d.wp.receiveEmbedMessage||(d.wp.receiveEmbedMessage=function(e){var t=e.data;if((t||t.secret||t.message||t.value)&&!\/[^a-zA-Z0-9]\/.test(t.secret)){for(var s,r,n,a=l.querySelectorAll('iframe[data-secret=\"'+t.secret+'\"]'),o=l.querySelectorAll('blockquote[data-secret=\"'+t.secret+'\"]'),c=new RegExp(\"^https?:$\",\"i\"),i=0;i<o.length;i++)o[i].style.display=\"none\";for(i=0;i<a.length;i++)s=a[i],e.source===s.contentWindow&&(s.removeAttribute(\"style\"),\"height\"===t.message?(1e3<(r=parseInt(t.value,10))?r=1e3:~~r<200&&(r=200),s.height=r):\"link\"===t.message&&(r=new URL(s.getAttribute(\"src\")),n=new URL(t.value),c.test(n.protocol))&&n.host===r.host&&l.activeElement===s&&(d.top.location.href=t.value))}},d.addEventListener(\"message\",d.wp.receiveEmbedMessage,!1),l.addEventListener(\"DOMContentLoaded\",function(){for(var e,t,s=l.querySelectorAll(\"iframe.wp-embedded-content\"),r=0;r<s.length;r++)(t=(e=s[r]).getAttribute(\"data-secret\"))||(t=Math.random().toString(36).substring(2,12),e.src+=\"#?secret=\"+t,e.setAttribute(\"data-secret\",t)),e.contentWindow.postMessage({message:\"ready\",secret:t},\"*\")},!1)))}(window,document);\n\/* ]]> *\/\n<\/script>\n","thumbnail_url":"https:\/\/sauvegarde-95.fr\/preprod\/wp-content\/uploads\/2023\/07\/la-recolte_logo.png","thumbnail_width":500,"thumbnail_height":389,"description":"La R\u00e9colte du Val-d\u2019Oise s\u2019inscrit dans le champ de l\u2019\u00e9conomie sociale et solidaire et fait la promotion de l\u2019acc\u00e8s \u00e0 une alimentation plus durable pour tous, notamment pour les personnes en situation de pr\u00e9carit\u00e9."}